{"version":"1.0","provider_name":"Versek h\u00edvatlanul","provider_url":"https:\/\/alkimistaa.cafeblog.hu","author_name":"hivatlan.vendeg","author_url":"https:\/\/alkimistaa.cafeblog.hu\/author\/hivatlan_vendeg\/","title":"Hangulat","html":"<p style=\"text-align: center;\">&nbsp;<\/p><h3 style=\"text-align: center;\" class=\"bejegyzescim\"><a href=\"http:\/\/jazsoli5.freeblog.hu\/archives\/2008\/12\/14\/Juhasz_Gyula_Alvas_elott\/\" rel=\"bookmark\">Juh\u00e1sz Gyula: Alv\u00e1s el\u0151tt<\/a><\/h3><div>\n\n\n\n\n\n\n<\/div>\n<font size=\"3\" face=\"verdana,geneva\">Est\u00e9nkint - r\u00e9gi kereszt\u00e9ny szok\u00e1s volt -<\/font>\n<div style=\"text-align: center;\">\n<\/div>\n<font size=\"3\" face=\"verdana,geneva\">Sz\u00e1mot vetek a lelkiismeretemmel:<\/font>\n<div style=\"text-align: center;\">\n<\/div>\n<font size=\"3\" face=\"verdana,geneva\">Mit tett\u00e9l ember, mit v\u00e9tett\u00e9l ember?<\/font>\n<div style=\"text-align: center;\">\n<\/div>\n<font size=\"3\" face=\"verdana,geneva\">\u00c9s mit nem tett\u00e9l ember, most felelj!<\/font>\n<div style=\"text-align: center;\">\n<\/div>\n<font size=\"3\" face=\"verdana,geneva\">&nbsp;<\/font>\n<div style=\"text-align: center;\">\n<\/div>\n<font size=\"3\" face=\"verdana,geneva\">Csordultig mindig a sz\u00edve, e nagy kehely.<\/font>\n<div style=\"text-align: center;\">\n<\/div>\n<font size=\"3\" face=\"verdana,geneva\">Mit tett\u00e9l ember? F\u00f6lkelt\u00e9l vid\u00e1man<\/font>\n<div style=\"text-align: center;\">\n<\/div>\n<font size=\"3\" face=\"verdana,geneva\">\u00c9s \u00e1lmosan, mert minden \u00e1ldott reggel<\/font>\n<div style=\"text-align: center;\">\n<\/div>\n<font size=\"3\" face=\"verdana,geneva\">A r\u00e9gi v\u00e1gy von: kelni napkelettel.<\/font>\n<div style=\"text-align: center;\">\n<\/div>\n<font size=\"3\" face=\"verdana,geneva\">Azt\u00e1n ment\u00e9l, mert az \u00e9let: menni,<\/font>\n<div style=\"text-align: center;\">\n<\/div>\n<font size=\"3\" face=\"verdana,geneva\">Egy c\u00e9lhoz menni, c\u00e9ln\u00e1l sohse lenni.<\/font>\n<div style=\"text-align: center;\">\n<\/div>\n<font size=\"3\" face=\"verdana,geneva\">&nbsp;<\/font>\n<div style=\"text-align: center;\">\n<\/div>\n<font size=\"3\" face=\"verdana,geneva\">\u00c9s mit v\u00e9tett\u00e9l ember? Ember volt\u00e1l,<\/font>\n<div style=\"text-align: center;\">\n<\/div>\n<font size=\"3\" face=\"verdana,geneva\">S embernek lenni: siralmas val\u00f3 m\u00e1r<\/font>\n<div style=\"text-align: center;\">\n<\/div>\n<font size=\"3\" face=\"verdana,geneva\">\u00c9s dics\u0151s\u00e9ges. Mint a csillag csillag<\/font>\n<div style=\"text-align: center;\">\n<\/div>\n<font size=\"3\" face=\"verdana,geneva\">S a r\u00f6g csak r\u00f6g, az ember is csak ember.<\/font>\n<div style=\"text-align: center;\">\n<\/div>\n<font size=\"3\" face=\"verdana,geneva\">Aludj h\u00e1t sz\u00e9pen, \u00e9s kelj napkelettel,<\/font>\n<div style=\"text-align: center;\">\n<\/div>\n<font size=\"3\" face=\"verdana,geneva\">Am\u00edg az \u00e9let m\u00e9gis t\u0171rhet\u0151,<\/font>\n<div style=\"text-align: center;\">\n<\/div>\n<font size=\"3\" face=\"verdana,geneva\">M\u00edg \u00e9bred\u00e9sre kedv van \u00e9s er\u0151.<\/font>\n<div style=\"text-align: center;\">\n<\/div>\n<font size=\"3\" face=\"verdana,geneva\">S ha cs\u00f3kokat nem is cs\u00f3kolhat ajkad,<\/font>\n<div style=\"text-align: center;\">\n<\/div>\n<font size=\"3\" face=\"verdana,geneva\">De \u00faj ig\u00e9t m\u00e9g mondhat, \u00e9s ha lankadt<\/font>\n<div style=\"text-align: center;\">\n<\/div>\n<font size=\"3\" face=\"verdana,geneva\">Szeg\u00e9ny karod az \u00f6lel\u00e9sre, lelked<\/font>\n<font size=\"3\" face=\"verdana,geneva\"><br>\u00d6lelni tud j\u00f6v\u0151t, vil\u00e1got, embert.<br><br><\/font><img style=\"cursor: -moz-zoom-in;\" alt=\"http:\/\/klub1001ejszaka.freeblog.hu\/files\/postpic\/magany.jpg\" src=\"http:\/\/klub1001ejszaka.freeblog.hu\/files\/postpic\/magany.jpg\" width=\"327\" height=\"409\"><br><font size=\"3\" face=\"verdana,geneva\"><br><\/font>","type":"rich"}